{"id":615,"date":"2021-06-18T13:59:42","date_gmt":"2021-06-18T11:59:42","guid":{"rendered":"http:\/\/eligo.kleindaten.org\/de\/?post_type=elg_events&#038;p=615"},"modified":"2021-06-19T08:02:46","modified_gmt":"2021-06-19T06:02:46","slug":"aus-der-praxis-fuer-die-praxis-interview-standards","status":"publish","type":"elg_events","link":"https:\/\/eligo.de\/de\/termine\/aus-der-praxis-fuer-die-praxis-interview-standards\/","title":{"rendered":"Aus der Praxis f\u00fcr die Praxis: Interview-Standards"},"content":{"rendered":"<p>Am 9. Februar findet in K\u00f6ln das zweite Arbeitstreffen der\u00a0<a href=\"https:\/\/www.arbeitskreis-ac.de\/\">AKAC<\/a>-Projektgruppe Interview-Standards statt. Wozu Standards? Ein verbindlicher Rahmen f\u00f6rdert und sichert die diagnostische Qualit\u00e4t.<\/p>\n<p>Empfehlungen f\u00fcr eine sinnvolle Gestaltung von Interviewprozessen geben Personalverantwortlichen eine wertvolle Hilfestellung f\u00fcr die Planung, Durchf\u00fchrung und Auswertung von Gespr\u00e4chen. Das bewirkt Transparenz bez\u00fcglich der Entscheidungsfindung und Akzeptanz unter allen Beteiligten.<\/p>\n<p>Wenn Sie am aktuellen Stand interessiert sind oder sich an der Diskussion beteiligen m\u00f6chten, kontaktieren Sie gerne Ihre Ansprechpartnerin Maren Hiltmann.<\/p>\n<aside class=\"contactperson\" id=\"teammember-141\"><figure><img decoding=\"async\" class=\"block\" src=\"https:\/\/eligo.de\/de\/wp-content\/uploads\/sites\/2\/2023\/04\/INF-Profilbild-MH-Brille-800x533-pub-v01.jpg\" alt=\"Maren Hiltmann\" \/><\/figure><div><h4> Maren Hiltmann<\/h4><p>Gesch\u00e4ftsf\u00fchrerin<\/p><p><a href=\"mailto:maren.hiltmann@eligo.de\">E-Mail<\/a><\/p><a target=\"_blank\" title=\"Profil als PDF herunterladen\" href=\"https:\/\/eligo.de\/de\/wp-content\/uploads\/sites\/2\/2023\/04\/inf-profil-mh-de-pub-v07.pdf\">Profil (PDF)<\/a><\/div><\/aside>\n","protected":false},"author":6,"template":"","elg_event_category":[20],"class_list":["post-615","elg_events","type-elg_events","status-publish","hentry","elg_event_category-veranstaltung"],"acf":[],"aioseo_notices":[],"_links":{"self":[{"href":"https:\/\/eligo.de\/de\/wp-json\/wp\/v2\/elg_events\/615","targetHints":{"allow":["GET"]}}],"collection":[{"href":"https:\/\/eligo.de\/de\/wp-json\/wp\/v2\/elg_events"}],"about":[{"href":"https:\/\/eligo.de\/de\/wp-json\/wp\/v2\/types\/elg_events"}],"author":[{"embeddable":true,"href":"https:\/\/eligo.de\/de\/wp-json\/wp\/v2\/users\/6"}],"version-history":[{"count":0,"href":"https:\/\/eligo.de\/de\/wp-json\/wp\/v2\/elg_events\/615\/revisions"}],"wp:attachment":[{"href":"https:\/\/eligo.de\/de\/wp-json\/wp\/v2\/media?parent=615"}],"wp:term":[{"taxonomy":"elg_event_category","embeddable":true,"href":"https:\/\/eligo.de\/de\/wp-json\/wp\/v2\/elg_event_category?post=615"}],"curies":[{"name":"wp","href":"https:\/\/api.w.org\/{rel}","templated":true}]}}